{"id":1271,"date":"2022-08-29T19:27:55","date_gmt":"2022-08-29T19:27:55","guid":{"rendered":"https:\/\/anaviolatoespada.com\/en\/?page_id=1271"},"modified":"2022-09-02T14:29:35","modified_gmt":"2022-09-02T14:29:35","slug":"phd-research","status":"publish","type":"page","link":"https:\/\/anaviolatoespada.com\/en\/phd-research\/","title":{"rendered":"PhD RESEARCH"},"content":{"rendered":"<div class=\"wpb-content-wrapper\"><p>[vc_row type=&#8221;vc_default&#8221; full_width=&#8221;stretch_row&#8221; content_placement=&#8221;middle&#8221; bg_color=&#8221;#eff2ab&#8221; css=&#8221;.vc_custom_1661801895912{margin-top: -80px !important;background-color: #ededbd !important;}&#8221;][vc_column]<div id=\"ultimate-heading-69996a95fdeeca633\" class=\"uvc-heading ult-adjust-bottom-margin ultimate-heading-69996a95fdeeca633 uvc-1738 \" data-hspacer=\"no_spacer\"  data-halign=\"center\" style=\"text-align:center\"><div class=\"uvc-heading-spacer no_spacer\" style=\"top\"><\/div><div class=\"uvc-main-heading ult-responsive\"  data-ultimate-target='.uvc-heading.ultimate-heading-69996a95fdeeca633 h2'  data-responsive-json-new='{\"font-size\":\"desktop:32px;mobile:22px;\",\"line-height\":\"\"}' ><h2 style=\"--font-weight:theme;margin-top:20px;margin-bottom:20px;\">PhD RESEARCH<\/h2><\/div><div class=\"uvc-sub-heading ult-responsive\"  data-ultimate-target='.uvc-heading.ultimate-heading-69996a95fdeeca633 .uvc-sub-heading '  data-responsive-json-new='{\"font-size\":\"desktop:20px;mobile:18px;\",\"line-height\":\"\"}'  style=\"font-weight:normal;color:rgba(70,127,38,0.78);margin-bottom:20px;\"><strong>Gest\u00e3o Colaborativa da Madeira:<\/strong> Uma an\u00e1lise comparativa dos pap\u00e9is e percep\u00e7\u00f5es de atores sociais, din\u00e2micas de poder e empoderamento das mulheres na Amaz\u00f4nia brasileira.<\/p>\n<h4>Ana Luiza Violato Espada<\/h4>\n<p><\/div><\/div>[\/vc_column][vc_column width=&#8221;1\/2&#8243; css=&#8221;.vc_custom_1624647949297{margin-top: 50px !important;margin-bottom: 50px !important;}&#8221;][vc_row_inner][vc_column_inner offset=&#8221;vc_hidden-lg vc_hidden-md&#8221;][vc_column_text css=&#8221;.vc_custom_1662122726314{margin-top: -40px !important;}&#8221;]<\/p>\n<h4 style=\"text-align: left;\"><strong><span style=\"color: #3b4721;\">Infogr\u00e1fico \u2013 Conhe\u00e7a o projeto de pesquisa de doutorado <\/span><\/strong><\/h4>\n<p>[\/vc_column_text][vc_column_text]Os objetivos da pesquisa foram compreender a varia\u00e7\u00e3o nos arranjos socioprodutivos de manejo madeireiro comunit\u00e1rio que emergiram em \u00e1reas protegidas de uso sustent\u00e1vel, em termos de sistemas de conhecimento (local, t\u00e9cnico e cient\u00edfico), processos de tomada de decis\u00e3o e empoderamento comunit\u00e1rio. Os resultados contribuem para o avan\u00e7o da compreens\u00e3o acad\u00eamica e pr\u00e1tica dos processos de tomada de decis\u00e3o para o manejo florestal comunit\u00e1rio na Amaz\u00f4nia, contribuindo diretamente para a cria\u00e7\u00e3o e implementa\u00e7\u00e3o de pol\u00edticas p\u00fablicas baseadas na gest\u00e3o colaborativa de recursos naturais e melhoria da qualidade de vida de popula\u00e7\u00f5es tradicionais e comunidades rurais.[\/vc_column_text][\/vc_column_inner][\/vc_row_inner]<style type=\"text\/css\" data-type=\"the7_shortcodes-inline-css\">.shortcode-single-image-wrap.shortcode-single-image-b02c462640b951fd2316c7911d6a67eb.enable-bg-rollover .rollover i,\n.shortcode-single-image-wrap.shortcode-single-image-b02c462640b951fd2316c7911d6a67eb.enable-bg-rollover .rollover-video i {\n  background: -webkit-linear-gradient();\n  background: linear-gradient();\n}\n.shortcode-single-image-wrap.shortcode-single-image-b02c462640b951fd2316c7911d6a67eb .rollover-icon {\n  font-size: 32px;\n  color: #ffffff;\n  min-width: 44px;\n  min-height: 44px;\n  line-height: 44px;\n  border-radius: 100px;\n  border-style: solid;\n  border-width: 0px;\n}\n.dt-icon-bg-on.shortcode-single-image-wrap.shortcode-single-image-b02c462640b951fd2316c7911d6a67eb .rollover-icon {\n  background: rgba(255,255,255,0.3);\n  box-shadow: none;\n}\n<\/style><div class=\"shortcode-single-image-wrap shortcode-single-image-b02c462640b951fd2316c7911d6a67eb alignnone  enable-bg-rollover dt-icon-bg-off\" style=\"margin-top:0px; margin-bottom:0px; margin-left:0px; margin-right:0px; width:500px;\"><div class=\"shortcode-single-image\"><div class=\"fancy-media-wrap\" style=\"\"><a href=\"https:\/\/anaviolatoespada.com\/en\/wp-content\/uploads\/2022\/08\/0_Info_Projeto-de-Pesquisa.pdf\" class=\" rollover\" style=\"\" target=\"_blank\" rel=\"noopener\" aria-label=\"Image\"><img loading=\"lazy\" decoding=\"async\" class=\"preload-me aspect\" src=\"https:\/\/anaviolatoespada.com\/en\/wp-content\/uploads\/2022\/08\/01-500x353.png\" srcset=\"https:\/\/anaviolatoespada.com\/en\/wp-content\/uploads\/2022\/08\/01-500x353.png 500w, https:\/\/anaviolatoespada.com\/en\/wp-content\/uploads\/2022\/08\/01-1000x706.png 1000w\" style=\"--ratio: 500 \/ 353\" sizes=\"auto, (max-width: 500px) 100vw, 500px\" width=\"500\" height=\"353\"  data-dt-location=\"https:\/\/anaviolatoespada.com\/en\/phd-research\/01-9\/\" alt=\"\" \/><\/a><\/div><\/div><\/div>[vc_column_text]<\/p>\n<h5 style=\"text-align: center;\"><strong><span style=\"color: #3b4721;\">Clique na imagem para vis\u00e3o completa e download<\/span><\/strong><\/h5>\n<p>[\/vc_column_text][\/vc_column][vc_column width=&#8221;1\/2&#8243; offset=&#8221;vc_hidden-sm vc_hidden-xs&#8221;][vc_column_text css=&#8221;.vc_custom_1662122726314{margin-top: -40px !important;}&#8221;]<\/p>\n<h4 style=\"text-align: left;\"><strong><span style=\"color: #3b4721;\">Infogr\u00e1fico \u2013 Conhe\u00e7a o projeto de pesquisa de doutorado <\/span><\/strong><\/h4>\n<p>[\/vc_column_text][vc_column_text]Os objetivos da pesquisa foram compreender a varia\u00e7\u00e3o nos arranjos socioprodutivos de manejo madeireiro comunit\u00e1rio que emergiram em \u00e1reas protegidas de uso sustent\u00e1vel, em termos de sistemas de conhecimento (local, t\u00e9cnico e cient\u00edfico), processos de tomada de decis\u00e3o e empoderamento comunit\u00e1rio. Os resultados contribuem para o avan\u00e7o da compreens\u00e3o acad\u00eamica e pr\u00e1tica dos processos de tomada de decis\u00e3o para o manejo florestal comunit\u00e1rio na Amaz\u00f4nia, contribuindo diretamente para a cria\u00e7\u00e3o e implementa\u00e7\u00e3o de pol\u00edticas p\u00fablicas baseadas na gest\u00e3o colaborativa de recursos naturais e melhoria da qualidade de vida de popula\u00e7\u00f5es tradicionais e comunidades rurais.[\/vc_column_text][\/vc_column][\/vc_row][vc_row type=&#8221;vc_default&#8221; full_width=&#8221;stretch_row&#8221; content_placement=&#8221;middle&#8221; bg_color=&#8221;#eff2ab&#8221; css=&#8221;.vc_custom_1661801389785{margin-top: -20px !important;background-color: #ffffff !important;}&#8221;][vc_column width=&#8221;1\/2&#8243; css=&#8221;.vc_custom_1624647949297{margin-top: 50px !important;margin-bottom: 50px !important;}&#8221;][vc_column_text css=&#8221;.vc_custom_1662122781555{margin-top: -40px !important;}&#8221;]<\/p>\n<h4 style=\"text-align: left;\"><strong><span style=\"color: #3b4721;\">Infogr\u00e1fico \u2013 Conhe\u00e7a o contexto e a metodologia da pesquisa <\/span><\/strong><\/h4>\n<p>[\/vc_column_text][vc_column_text]Busco compartilhar o que fiz e os resultados da minha pesquisa para que os aprendizados sejam apresentados a qualquer pessoa e organiza\u00e7\u00e3o interessada. Espero que as metodologias aplicadas possam ser adaptadas e usadas. Tamb\u00e9m desejo que, a partir dos resultados, possamos refletir e aprimorar a gest\u00e3o colaborativa da madeira e de outras cadeias de valor de produtos naturais.[\/vc_column_text][\/vc_column][vc_column width=&#8221;1\/2&#8243;]<style type=\"text\/css\" data-type=\"the7_shortcodes-inline-css\">.shortcode-single-image-wrap.shortcode-single-image-e300d3f7b284bffd396186afd4a4e26c.enable-bg-rollover .rollover i,\n.shortcode-single-image-wrap.shortcode-single-image-e300d3f7b284bffd396186afd4a4e26c.enable-bg-rollover .rollover-video i {\n  background: -webkit-linear-gradient();\n  background: linear-gradient();\n}\n.shortcode-single-image-wrap.shortcode-single-image-e300d3f7b284bffd396186afd4a4e26c .rollover-icon {\n  font-size: 32px;\n  color: #ffffff;\n  min-width: 44px;\n  min-height: 44px;\n  line-height: 44px;\n  border-radius: 100px;\n  border-style: solid;\n  border-width: 0px;\n}\n.dt-icon-bg-on.shortcode-single-image-wrap.shortcode-single-image-e300d3f7b284bffd396186afd4a4e26c .rollover-icon {\n  background: rgba(255,255,255,0.3);\n  box-shadow: none;\n}\n<\/style><div class=\"shortcode-single-image-wrap shortcode-single-image-e300d3f7b284bffd396186afd4a4e26c alignnone  enable-bg-rollover dt-icon-bg-off\" style=\"margin-top:0px; margin-bottom:0px; margin-left:0px; margin-right:0px; width:500px;\"><div class=\"shortcode-single-image\"><div class=\"fancy-media-wrap\" style=\"\"><a href=\"https:\/\/anaviolatoespada.com\/en\/wp-content\/uploads\/2022\/08\/1_Info_Objetivos-da-Pesquisa-1.pdf\" class=\" rollover\" style=\"\" target=\"_blank\" rel=\"noopener\" aria-label=\"Image\"><img loading=\"lazy\" decoding=\"async\" class=\"preload-me aspect\" src=\"https:\/\/anaviolatoespada.com\/en\/wp-content\/uploads\/2022\/08\/02-500x354.png\" srcset=\"https:\/\/anaviolatoespada.com\/en\/wp-content\/uploads\/2022\/08\/02-500x354.png 500w, https:\/\/anaviolatoespada.com\/en\/wp-content\/uploads\/2022\/08\/02-986x698.png 986w\" style=\"--ratio: 500 \/ 354\" sizes=\"auto, (max-width: 500px) 100vw, 500px\" width=\"500\" height=\"354\"  data-dt-location=\"https:\/\/anaviolatoespada.com\/en\/phd-research\/02-6\/\" alt=\"\" \/><\/a><\/div><\/div><\/div>[vc_column_text]<\/p>\n<h5 style=\"text-align: center;\"><strong><span style=\"color: #3b4721;\">Clique na imagem para vis\u00e3o completa e download<\/span><\/strong><\/h5>\n<p>[\/vc_column_text][\/vc_column][\/vc_row][vc_row type=&#8221;vc_default&#8221; full_width=&#8221;stretch_row&#8221; content_placement=&#8221;middle&#8221; bg_color=&#8221;#eff2ab&#8221; css=&#8221;.vc_custom_1661801309799{margin-top: -20px !important;background-color: #ededbd !important;}&#8221;][vc_column width=&#8221;1\/2&#8243; css=&#8221;.vc_custom_1624647949297{margin-top: 50px !important;margin-bottom: 50px !important;}&#8221;][vc_row_inner][vc_column_inner offset=&#8221;vc_hidden-lg vc_hidden-md&#8221;][vc_column_text css=&#8221;.vc_custom_1662122806983{margin-top: -40px !important;}&#8221;]<\/p>\n<h4 style=\"text-align: left;\"><strong><span style=\"color: #3b4721;\">Infogr\u00e1fico \u2013 Vari\u00e1veis organizacionais, operacionais e socioecon\u00f4micas <\/span><\/strong><\/h4>\n<p>[\/vc_column_text][vc_column_text]Esse infogr\u00e1fico refere-se a um dos cap\u00edtulos da pesquisa de doutorado, o assunto tratado no cap\u00edtulo foi sobre as varia\u00e7\u00f5es na cogest\u00e3o da madeira que surgiram nas reservas extrativistas. Neste cap\u00edtulo, eu identifiquei um conjunto de vari\u00e1veis organizacionais, operacionais e socioecon\u00f4micas entre os sete projetos de cogest\u00e3o da madeira.[\/vc_column_text][\/vc_column_inner][\/vc_row_inner]<style type=\"text\/css\" data-type=\"the7_shortcodes-inline-css\">.shortcode-single-image-wrap.shortcode-single-image-bb16ffc1870281f7c8b60ccf2b4cbe4d.enable-bg-rollover .rollover i,\n.shortcode-single-image-wrap.shortcode-single-image-bb16ffc1870281f7c8b60ccf2b4cbe4d.enable-bg-rollover .rollover-video i {\n  background: -webkit-linear-gradient();\n  background: linear-gradient();\n}\n.shortcode-single-image-wrap.shortcode-single-image-bb16ffc1870281f7c8b60ccf2b4cbe4d .rollover-icon {\n  font-size: 32px;\n  color: #ffffff;\n  min-width: 44px;\n  min-height: 44px;\n  line-height: 44px;\n  border-radius: 100px;\n  border-style: solid;\n  border-width: 0px;\n}\n.dt-icon-bg-on.shortcode-single-image-wrap.shortcode-single-image-bb16ffc1870281f7c8b60ccf2b4cbe4d .rollover-icon {\n  background: rgba(255,255,255,0.3);\n  box-shadow: none;\n}\n<\/style><div class=\"shortcode-single-image-wrap shortcode-single-image-bb16ffc1870281f7c8b60ccf2b4cbe4d alignnone  enable-bg-rollover dt-icon-bg-off\" style=\"margin-top:0px; margin-bottom:0px; margin-left:0px; margin-right:0px; width:500px;\"><div class=\"shortcode-single-image\"><div class=\"fancy-media-wrap\" style=\"\"><a href=\"https:\/\/anaviolatoespada.com\/en\/wp-content\/uploads\/2022\/08\/2_Info_Cap.-1-da-Pesquisa.pdf\" class=\" rollover\" style=\"\" target=\"_blank\" rel=\"noopener\" aria-label=\"Image\"><img loading=\"lazy\" decoding=\"async\" class=\"preload-me aspect\" src=\"https:\/\/anaviolatoespada.com\/en\/wp-content\/uploads\/2022\/08\/03-500x354.png\" srcset=\"https:\/\/anaviolatoespada.com\/en\/wp-content\/uploads\/2022\/08\/03-500x354.png 500w, https:\/\/anaviolatoespada.com\/en\/wp-content\/uploads\/2022\/08\/03.png 799w\" style=\"--ratio: 500 \/ 354\" sizes=\"auto, (max-width: 500px) 100vw, 500px\" width=\"500\" height=\"354\"  data-dt-location=\"https:\/\/anaviolatoespada.com\/en\/phd-research\/03-6\/\" alt=\"\" \/><\/a><\/div><\/div><\/div>[vc_column_text]<\/p>\n<h5 style=\"text-align: center;\"><strong><span style=\"color: #3b4721;\">Clique na imagem para vis\u00e3o completa e download<\/span><\/strong><\/h5>\n<p>[\/vc_column_text][\/vc_column][vc_column width=&#8221;1\/2&#8243; offset=&#8221;vc_hidden-sm vc_hidden-xs&#8221;][vc_column_text css=&#8221;.vc_custom_1662122806983{margin-top: -40px !important;}&#8221;]<\/p>\n<h4 style=\"text-align: left;\"><strong><span style=\"color: #3b4721;\">Infogr\u00e1fico \u2013 Vari\u00e1veis organizacionais, operacionais e socioecon\u00f4micas <\/span><\/strong><\/h4>\n<p>[\/vc_column_text][vc_column_text]Esse infogr\u00e1fico refere-se a um dos cap\u00edtulos da pesquisa de doutorado, o assunto tratado no cap\u00edtulo foi sobre as varia\u00e7\u00f5es na cogest\u00e3o da madeira que surgiram nas reservas extrativistas. Neste cap\u00edtulo, eu identifiquei um conjunto de vari\u00e1veis organizacionais, operacionais e socioecon\u00f4micas entre os sete projetos de cogest\u00e3o da madeira.[\/vc_column_text][\/vc_column][\/vc_row][vc_row type=&#8221;vc_default&#8221; full_width=&#8221;stretch_row&#8221; content_placement=&#8221;middle&#8221; bg_color=&#8221;#eff2ab&#8221; css=&#8221;.vc_custom_1661801389785{margin-top: -20px !important;background-color: #ffffff !important;}&#8221;][vc_column width=&#8221;1\/2&#8243; css=&#8221;.vc_custom_1624647949297{margin-top: 50px !important;margin-bottom: 50px !important;}&#8221;][vc_column_text css=&#8221;.vc_custom_1662122833363{margin-top: -40px !important;}&#8221;]<\/p>\n<h4 style=\"text-align: left;\"><strong><span style=\"color: #3b4721;\">Infogr\u00e1fico \u2013 Percep\u00e7\u00f5es dos atores sobre o manejo madeireiro comunit\u00e1rio<\/span><\/strong><\/h4>\n<p>[\/vc_column_text][vc_column_text]<span style=\"color: #000000;\">Esse infogr\u00e1fico refere-se a um dos cap\u00edtulos da pesquisa de doutorado, o assunto tratado no cap\u00edtulo foi sobre as percep\u00e7\u00f5es dos atores sobre o que funcionou (e n\u00e3o funcionou) na cogest\u00e3o da madeira. Um dos resultados mostra que, al\u00e9m de lideran\u00e7as comunit\u00e1rias, demais manejadora\/es devem participar dos processos de tomada de decis\u00f5es, junto a organiza\u00e7\u00f5es parceiras externa, sobre quest\u00f5es t\u00e9cnicas das opera\u00e7\u00f5es florestais.<br \/>\n<\/span>[\/vc_column_text][\/vc_column][vc_column width=&#8221;1\/2&#8243;]<style type=\"text\/css\" data-type=\"the7_shortcodes-inline-css\">.shortcode-single-image-wrap.shortcode-single-image-cf9a82fa34fc947081707ed09db49ab4.enable-bg-rollover .rollover i,\n.shortcode-single-image-wrap.shortcode-single-image-cf9a82fa34fc947081707ed09db49ab4.enable-bg-rollover .rollover-video i {\n  background: -webkit-linear-gradient();\n  background: linear-gradient();\n}\n.shortcode-single-image-wrap.shortcode-single-image-cf9a82fa34fc947081707ed09db49ab4 .rollover-icon {\n  font-size: 32px;\n  color: #ffffff;\n  min-width: 44px;\n  min-height: 44px;\n  line-height: 44px;\n  border-radius: 100px;\n  border-style: solid;\n  border-width: 0px;\n}\n.dt-icon-bg-on.shortcode-single-image-wrap.shortcode-single-image-cf9a82fa34fc947081707ed09db49ab4 .rollover-icon {\n  background: rgba(255,255,255,0.3);\n  box-shadow: none;\n}\n<\/style><div class=\"shortcode-single-image-wrap shortcode-single-image-cf9a82fa34fc947081707ed09db49ab4 alignnone  enable-bg-rollover dt-icon-bg-off\" style=\"margin-top:0px; margin-bottom:0px; margin-left:0px; margin-right:0px; width:500px;\"><div class=\"shortcode-single-image\"><div class=\"fancy-media-wrap\" style=\"\"><a href=\"https:\/\/anaviolatoespada.com\/en\/wp-content\/uploads\/2022\/08\/3_Info_Cap.-2-da-Pesquisa.pdf\" class=\" rollover\" style=\"\" target=\"_blank\" rel=\"noopener\" aria-label=\"Image\"><img loading=\"lazy\" decoding=\"async\" class=\"preload-me aspect\" src=\"https:\/\/anaviolatoespada.com\/en\/wp-content\/uploads\/2022\/08\/04-500x354.png\" srcset=\"https:\/\/anaviolatoespada.com\/en\/wp-content\/uploads\/2022\/08\/04-500x354.png 500w, https:\/\/anaviolatoespada.com\/en\/wp-content\/uploads\/2022\/08\/04.png 792w\" style=\"--ratio: 500 \/ 354\" sizes=\"auto, (max-width: 500px) 100vw, 500px\" width=\"500\" height=\"354\"  data-dt-location=\"https:\/\/anaviolatoespada.com\/en\/phd-research\/04-7\/\" alt=\"\" \/><\/a><\/div><\/div><\/div>[vc_column_text]<\/p>\n<h5 style=\"text-align: center;\"><strong><span style=\"color: #3b4721;\">Clique na imagem para vis\u00e3o completa e download<\/span><\/strong><\/h5>\n<p>[\/vc_column_text][\/vc_column][\/vc_row][vc_row type=&#8221;vc_default&#8221; full_width=&#8221;stretch_row&#8221; content_placement=&#8221;middle&#8221; bg_color=&#8221;#eff2ab&#8221; css=&#8221;.vc_custom_1661801309799{margin-top: -20px !important;background-color: #ededbd !important;}&#8221;][vc_column width=&#8221;1\/2&#8243; css=&#8221;.vc_custom_1624647949297{margin-top: 50px !important;margin-bottom: 50px !important;}&#8221;][vc_row_inner][vc_column_inner offset=&#8221;vc_hidden-lg vc_hidden-md&#8221;][vc_column_text css=&#8221;.vc_custom_1662122868619{margin-top: -40px !important;}&#8221;]<\/p>\n<h4 style=\"text-align: left;\"><strong><span style=\"color: #3b4721;\">Infogr\u00e1fico \u2013 Din\u00e2micas de poder nos processos de tomada de decis\u00e3o<\/span><\/strong><\/h4>\n<p>[\/vc_column_text][vc_column_text]<span style=\"color: #000000;\">Esse infogr\u00e1fico refere-se a um dos cap\u00edtulos da pesquisa de doutorado, o assunto tratado no cap\u00edtulo foi sobre din\u00e2micas de poder nos processos de tomada de decis\u00e3o entre esses atores da cogest\u00e3o da madeira. Resultados mostram que din\u00e2micas de poder moldaram os processos e os resultados da cogest\u00e3o da madeira, sendo que o \u2018poder sobre\u2019 foi exercido por meio de manipula\u00e7\u00e3o sutil. <\/span>[\/vc_column_text][\/vc_column_inner][\/vc_row_inner]<style type=\"text\/css\" data-type=\"the7_shortcodes-inline-css\">.shortcode-single-image-wrap.shortcode-single-image-d53c474c557fe16f7f4a9f4a36c0dad0.enable-bg-rollover .rollover i,\n.shortcode-single-image-wrap.shortcode-single-image-d53c474c557fe16f7f4a9f4a36c0dad0.enable-bg-rollover .rollover-video i {\n  background: -webkit-linear-gradient();\n  background: linear-gradient();\n}\n.shortcode-single-image-wrap.shortcode-single-image-d53c474c557fe16f7f4a9f4a36c0dad0 .rollover-icon {\n  font-size: 32px;\n  color: #ffffff;\n  min-width: 44px;\n  min-height: 44px;\n  line-height: 44px;\n  border-radius: 100px;\n  border-style: solid;\n  border-width: 0px;\n}\n.dt-icon-bg-on.shortcode-single-image-wrap.shortcode-single-image-d53c474c557fe16f7f4a9f4a36c0dad0 .rollover-icon {\n  background: rgba(255,255,255,0.3);\n  box-shadow: none;\n}\n<\/style><div class=\"shortcode-single-image-wrap shortcode-single-image-d53c474c557fe16f7f4a9f4a36c0dad0 alignnone  enable-bg-rollover dt-icon-bg-off\" style=\"margin-top:0px; margin-bottom:0px; margin-left:0px; margin-right:0px; width:500px;\"><div class=\"shortcode-single-image\"><div class=\"fancy-media-wrap\" style=\"\"><a href=\"https:\/\/anaviolatoespada.com\/en\/wp-content\/uploads\/2022\/08\/4_Info_Cap.-3-da-Pesquisa.pdf\" class=\" rollover\" style=\"\" target=\"_blank\" rel=\"noopener\" aria-label=\"Image\"><img loading=\"lazy\" decoding=\"async\" class=\"preload-me aspect\" src=\"https:\/\/anaviolatoespada.com\/en\/wp-content\/uploads\/2022\/08\/05-500x354.png\" srcset=\"https:\/\/anaviolatoespada.com\/en\/wp-content\/uploads\/2022\/08\/05-500x354.png 500w, https:\/\/anaviolatoespada.com\/en\/wp-content\/uploads\/2022\/08\/05.png 793w\" style=\"--ratio: 500 \/ 354\" sizes=\"auto, (max-width: 500px) 100vw, 500px\" width=\"500\" height=\"354\"  data-dt-location=\"https:\/\/anaviolatoespada.com\/en\/phd-research\/05-6\/\" alt=\"\" \/><\/a><\/div><\/div><\/div>[vc_column_text]<\/p>\n<h5 style=\"text-align: center;\"><strong><span style=\"color: #3b4721;\">Clique na imagem para vis\u00e3o completa e download<\/span><\/strong><\/h5>\n<p>[\/vc_column_text][\/vc_column][vc_column width=&#8221;1\/2&#8243; offset=&#8221;vc_hidden-sm vc_hidden-xs&#8221;][vc_column_text css=&#8221;.vc_custom_1662122868619{margin-top: -40px !important;}&#8221;]<\/p>\n<h4 style=\"text-align: left;\"><strong><span style=\"color: #3b4721;\">Infogr\u00e1fico \u2013 Din\u00e2micas de poder nos processos de tomada de decis\u00e3o<\/span><\/strong><\/h4>\n<p>[\/vc_column_text][vc_column_text]<span style=\"color: #000000;\">Esse infogr\u00e1fico refere-se a um dos cap\u00edtulos da pesquisa de doutorado, o assunto tratado no cap\u00edtulo foi sobre din\u00e2micas de poder nos processos de tomada de decis\u00e3o entre esses atores da cogest\u00e3o da madeira. Resultados mostram que din\u00e2micas de poder moldaram os processos e os resultados da cogest\u00e3o da madeira, sendo que o \u2018poder sobre\u2019 foi exercido por meio de manipula\u00e7\u00e3o sutil. <\/span>[\/vc_column_text][\/vc_column][\/vc_row][vc_row type=&#8221;vc_default&#8221; full_width=&#8221;stretch_row&#8221; content_placement=&#8221;middle&#8221; bg_color=&#8221;#eff2ab&#8221; css=&#8221;.vc_custom_1661801389785{margin-top: -20px !important;background-color: #ffffff !important;}&#8221;][vc_column width=&#8221;1\/2&#8243; css=&#8221;.vc_custom_1624647949297{margin-top: 50px !important;margin-bottom: 50px !important;}&#8221;][vc_column_text css=&#8221;.vc_custom_1662122901658{margin-top: -40px !important;}&#8221;]<\/p>\n<h4 style=\"text-align: left;\"><strong><span style=\"color: #3b4721;\">Infogr\u00e1fico \u2013 Mulheres e o manejo madeireiro comunit\u00e1rio <\/span><\/strong><\/h4>\n<p>[\/vc_column_text][vc_column_text]Esse infogr\u00e1fico refere-se a um dos cap\u00edtulos da pesquisa de doutorado, o assunto tratado no cap\u00edtulo foi sobre a inclus\u00e3o, pap\u00e9is e empoeiramento das mulheres em sistemas de cogest\u00e3o da madeira. Resultados mostram que as mulheres das comunidades que t\u00eam planos de manejo madeireiro eram percebidas como manejadoras, mas assumindo fun\u00e7\u00f5es de apoio aos homens manejadores.[\/vc_column_text][\/vc_column][vc_column width=&#8221;1\/2&#8243;]<style type=\"text\/css\" data-type=\"the7_shortcodes-inline-css\">.shortcode-single-image-wrap.shortcode-single-image-dbc7a2de784650a587c0c40bb98d6788.enable-bg-rollover .rollover i,\n.shortcode-single-image-wrap.shortcode-single-image-dbc7a2de784650a587c0c40bb98d6788.enable-bg-rollover .rollover-video i {\n  background: -webkit-linear-gradient();\n  background: linear-gradient();\n}\n.shortcode-single-image-wrap.shortcode-single-image-dbc7a2de784650a587c0c40bb98d6788 .rollover-icon {\n  font-size: 32px;\n  color: #ffffff;\n  min-width: 44px;\n  min-height: 44px;\n  line-height: 44px;\n  border-radius: 100px;\n  border-style: solid;\n  border-width: 0px;\n}\n.dt-icon-bg-on.shortcode-single-image-wrap.shortcode-single-image-dbc7a2de784650a587c0c40bb98d6788 .rollover-icon {\n  background: rgba(255,255,255,0.3);\n  box-shadow: none;\n}\n<\/style><div class=\"shortcode-single-image-wrap shortcode-single-image-dbc7a2de784650a587c0c40bb98d6788 alignnone  enable-bg-rollover dt-icon-bg-off\" style=\"margin-top:0px; margin-bottom:0px; margin-left:0px; margin-right:0px; width:500px;\"><div class=\"shortcode-single-image\"><div class=\"fancy-media-wrap\" style=\"\"><a href=\"https:\/\/anaviolatoespada.com\/en\/wp-content\/uploads\/2022\/08\/5_Info_Cap.-4-da-Pesquisa-1.pdf\" class=\" rollover\" style=\"\" target=\"_blank\" rel=\"noopener\" aria-label=\"Image\"><img loading=\"lazy\" decoding=\"async\" class=\"preload-me aspect\" src=\"https:\/\/anaviolatoespada.com\/en\/wp-content\/uploads\/2022\/08\/06-500x355.png\" srcset=\"https:\/\/anaviolatoespada.com\/en\/wp-content\/uploads\/2022\/08\/06-500x355.png 500w, https:\/\/anaviolatoespada.com\/en\/wp-content\/uploads\/2022\/08\/06-796x565.png 796w\" style=\"--ratio: 500 \/ 355\" sizes=\"auto, (max-width: 500px) 100vw, 500px\" width=\"500\" height=\"355\"  data-dt-location=\"https:\/\/anaviolatoespada.com\/en\/phd-research\/06-5\/\" alt=\"\" \/><\/a><\/div><\/div><\/div>[vc_column_text]<\/p>\n<h5 style=\"text-align: center;\"><strong><span style=\"color: #3b4721;\">Clique na imagem para vis\u00e3o completa e download<\/span><\/strong><\/h5>\n<p>[\/vc_column_text][\/vc_column][\/vc_row][vc_row type=&#8221;vc_default&#8221; full_width=&#8221;stretch_row&#8221; content_placement=&#8221;middle&#8221; bg_color=&#8221;#eff2ab&#8221; css=&#8221;.vc_custom_1662124037126{margin-top: -20px !important;margin-bottom: -80px !important;background-color: #ededbd !important;}&#8221;][vc_column width=&#8221;1\/2&#8243; css=&#8221;.vc_custom_1624647949297{margin-top: 50px !important;margin-bottom: 50px !important;}&#8221;][vc_row_inner][vc_column_inner offset=&#8221;vc_hidden-lg vc_hidden-md&#8221;][vc_column_text css=&#8221;.vc_custom_1662122925696{margin-top: -40px !important;}&#8221;]<\/p>\n<h4 style=\"text-align: left;\"><strong><span style=\"color: #3b4721;\">Infogr\u00e1fico \u2013 Resumo dos principais achados da pesquisa e recomenda\u00e7\u00f5es<\/span><\/strong><\/h4>\n<p>[\/vc_column_text][vc_column_text]<span style=\"color: #000000;\">Aqui, apresento um resumo dos principais resultados da pesquisa de doutorado, juntos os quatro cap\u00edtulos. Tamb\u00e9m apresento algumas recomenda\u00e7\u00f5es para o governo, para as comunidades e para as organiza\u00e7\u00f5es que apoiam o manejo florestal comunit\u00e1rio. <\/span>[\/vc_column_text][\/vc_column_inner][\/vc_row_inner]<style type=\"text\/css\" data-type=\"the7_shortcodes-inline-css\">.shortcode-single-image-wrap.shortcode-single-image-b917d1f6777be564600df73c2a132b1f.enable-bg-rollover .rollover i,\n.shortcode-single-image-wrap.shortcode-single-image-b917d1f6777be564600df73c2a132b1f.enable-bg-rollover .rollover-video i {\n  background: -webkit-linear-gradient();\n  background: linear-gradient();\n}\n.shortcode-single-image-wrap.shortcode-single-image-b917d1f6777be564600df73c2a132b1f .rollover-icon {\n  font-size: 32px;\n  color: #ffffff;\n  min-width: 44px;\n  min-height: 44px;\n  line-height: 44px;\n  border-radius: 100px;\n  border-style: solid;\n  border-width: 0px;\n}\n.dt-icon-bg-on.shortcode-single-image-wrap.shortcode-single-image-b917d1f6777be564600df73c2a132b1f .rollover-icon {\n  background: rgba(255,255,255,0.3);\n  box-shadow: none;\n}\n<\/style><div class=\"shortcode-single-image-wrap shortcode-single-image-b917d1f6777be564600df73c2a132b1f alignnone  enable-bg-rollover dt-icon-bg-off\" style=\"margin-top:0px; margin-bottom:0px; margin-left:0px; margin-right:0px; width:500px;\"><div class=\"shortcode-single-image\"><div class=\"fancy-media-wrap\" style=\"\"><a href=\"https:\/\/anaviolatoespada.com\/en\/wp-content\/uploads\/2022\/08\/6_Info_Mensagens-da-Pesquisa.pdf\" class=\" rollover\" style=\"\" target=\"_blank\" rel=\"noopener\" aria-label=\"Image\"><img loading=\"lazy\" decoding=\"async\" class=\"preload-me aspect\" src=\"https:\/\/anaviolatoespada.com\/en\/wp-content\/uploads\/2022\/08\/09-500x355.png\" srcset=\"https:\/\/anaviolatoespada.com\/en\/wp-content\/uploads\/2022\/08\/09-500x355.png 500w, https:\/\/anaviolatoespada.com\/en\/wp-content\/uploads\/2022\/08\/09-796x565.png 796w\" style=\"--ratio: 500 \/ 355\" sizes=\"auto, (max-width: 500px) 100vw, 500px\" width=\"500\" height=\"355\"  data-dt-location=\"https:\/\/anaviolatoespada.com\/en\/phd-research\/09-3\/\" alt=\"\" \/><\/a><\/div><\/div><\/div>[vc_column_text]<\/p>\n<h5 style=\"text-align: center;\"><strong><span style=\"color: #3b4721;\">Clique na imagem para vis\u00e3o completa e download<\/span><\/strong><\/h5>\n<p>[\/vc_column_text][\/vc_column][vc_column width=&#8221;1\/2&#8243; offset=&#8221;vc_hidden-sm vc_hidden-xs&#8221;][vc_column_text css=&#8221;.vc_custom_1662122925696{margin-top: -40px !important;}&#8221;]<\/p>\n<h4 style=\"text-align: left;\"><strong><span style=\"color: #3b4721;\">Infogr\u00e1fico \u2013 Resumo dos principais achados da pesquisa e recomenda\u00e7\u00f5es<\/span><\/strong><\/h4>\n<p>[\/vc_column_text][vc_column_text]<span style=\"color: #000000;\">Aqui, apresento um resumo dos principais resultados da pesquisa de doutorado, juntos os quatro cap\u00edtulos. Tamb\u00e9m apresento algumas recomenda\u00e7\u00f5es para o governo, para as comunidades e para as organiza\u00e7\u00f5es que apoiam o manejo florestal comunit\u00e1rio. <\/span>[\/vc_column_text][\/vc_column][\/vc_row]<\/p>\n<\/div>","protected":false},"excerpt":{"rendered":"<p>[vc_row type=&#8221;vc_default&#8221; full_width=&#8221;stretch_row&#8221; content_placement=&#8221;middle&#8221; bg_color=&#8221;#eff2ab&#8221; css=&#8221;.vc_custom_1661801895912{margin-top: -80px !important;background-color: #ededbd !important;}&#8221;][vc_column][\/vc_column][vc_column width=&#8221;1\/2&#8243; css=&#8221;.vc_custom_1624647949297{margin-top: 50px !important;margin-bottom: 50px !important;}&#8221;][vc_row_inner][vc_column_inner offset=&#8221;vc_hidden-lg vc_hidden-md&#8221;][vc_column_text css=&#8221;.vc_custom_1662122726314{margin-top: -40px !important;}&#8221;] Infogr\u00e1fico \u2013 Conhe\u00e7a o projeto de pesquisa de doutorado [\/vc_column_text][vc_column_text]Os objetivos da pesquisa foram compreender a varia\u00e7\u00e3o nos arranjos socioprodutivos de manejo madeireiro comunit\u00e1rio que emergiram em \u00e1reas protegidas de uso sustent\u00e1vel, em termos&hellip;<\/p>\n","protected":false},"author":1,"featured_media":592,"parent":0,"menu_order":0,"comment_status":"closed","ping_status":"closed","template":"","meta":{"_exactmetrics_skip_tracking":false,"_exactmetrics_sitenote_active":false,"_exactmetrics_sitenote_note":"","_exactmetrics_sitenote_category":0,"_joinchat":[],"footnotes":""},"class_list":["post-1271","page","type-page","status-publish","has-post-thumbnail","hentry","description-off"],"_links":{"self":[{"href":"https:\/\/anaviolatoespada.com\/en\/wp-json\/wp\/v2\/pages\/1271","targetHints":{"allow":["GET"]}}],"collection":[{"href":"https:\/\/anaviolatoespada.com\/en\/wp-json\/wp\/v2\/pages"}],"about":[{"href":"https:\/\/anaviolatoespada.com\/en\/wp-json\/wp\/v2\/types\/page"}],"author":[{"embeddable":true,"href":"https:\/\/anaviolatoespada.com\/en\/wp-json\/wp\/v2\/users\/1"}],"replies":[{"embeddable":true,"href":"https:\/\/anaviolatoespada.com\/en\/wp-json\/wp\/v2\/comments?post=1271"}],"version-history":[{"count":0,"href":"https:\/\/anaviolatoespada.com\/en\/wp-json\/wp\/v2\/pages\/1271\/revisions"}],"wp:featuredmedia":[{"embeddable":true,"href":"https:\/\/anaviolatoespada.com\/en\/wp-json\/wp\/v2\/media\/592"}],"wp:attachment":[{"href":"https:\/\/anaviolatoespada.com\/en\/wp-json\/wp\/v2\/media?parent=1271"}],"curies":[{"name":"wp","href":"https:\/\/api.w.org\/{rel}","templated":true}]}}