{"id":232,"date":"2018-05-08T15:47:37","date_gmt":"2018-05-08T15:47:37","guid":{"rendered":"https:\/\/anaviolatoespada.com\/?page_id=232"},"modified":"2025-08-28T13:41:36","modified_gmt":"2025-08-28T13:41:36","slug":"publications","status":"publish","type":"page","link":"https:\/\/anaviolatoespada.com\/en\/publications\/","title":{"rendered":"PUBLICATIONS"},"content":{"rendered":"<div class=\"wpb-content-wrapper\"><p>[vc_row][vc_column][vc_row_inner css=&#8221;.vc_custom_1530392412428{margin-top: -20px !important;}&#8221;][vc_column_inner][vc_column_text]<\/p>\n<h4 style=\"text-align: left;\"><span style=\"color: #3b4721;\">CHAPTERS OF BOOKS AND BOOKS:<\/span><\/h4>\n<h6 style=\"text-align: left;\"><\/h6>\n<p>[\/vc_column_text][\/vc_column_inner][\/vc_row_inner][\/vc_column][\/vc_row][vc_row][vc_column width=&#8221;1\/4&#8243;][vc_single_image image=&#8221;1268&#8243; img_size=&#8221;full&#8221; alignment=&#8221;center&#8221; style=&#8221;vc_box_rounded&#8221; onclick=&#8221;custom_link&#8221; img_link_target=&#8221;_blank&#8221; css=&#8221;&#8221; link=&#8221;https:\/\/anaviolatoespada.com\/en\/wp-content\/uploads\/2025\/02\/gender-and-fire-usfs_compressed-1.pdf&#8221;][vc_column_text]<\/p>\n<h3><span style=\"color: #3b4721;\">Diversity, Inclusion and Gender Equity in the Forest Management and Fire Prevention Program in Brazil<\/span><\/h3>\n<p>[\/vc_column_text][\/vc_column][vc_column width=&#8221;1\/4&#8243;][vc_single_image image=&#8221;1234&#8243; img_size=&#8221;full&#8221; alignment=&#8221;center&#8221; style=&#8221;vc_box_rounded&#8221; onclick=&#8221;custom_link&#8221; img_link_target=&#8221;_blank&#8221; css=&#8221;&#8221; link=&#8221;https:\/\/idesam.org\/wp-content\/uploads\/2025\/01\/Acordos-Comunidade-e-Empresa-para-Manejo-Florestal-Comunitario-Idesam-Imaflora-CLUA-1.pdf&#8221;][vc_column_text]<\/p>\n<h3><span style=\"color: #3b4721;\">Manejo Florestal Comunit\u00e1rio e Acordos Comunidade\/Empresa no Amazonas: potencial produtivo e gera\u00e7\u00e3o de renda, impactos esperados, tipos de acordos, salvaguardas necess\u00e1rias, embasamento legal e propostas para pol\u00edticas p\u00fablicas.<br \/>\n<\/span><\/h3>\n<p>[\/vc_column_text][\/vc_column][vc_column width=&#8221;1\/4&#8243;][vc_single_image image=&#8221;1266&#8243; img_size=&#8221;full&#8221; alignment=&#8221;center&#8221; style=&#8221;vc_box_rounded&#8221; onclick=&#8221;custom_link&#8221; img_link_target=&#8221;_blank&#8221; link=&#8221;https:\/\/anaviolatoespada.com\/wp-content\/uploads\/2022\/08\/ITTO-report.pdf&#8221;][vc_column_text]<\/p>\n<h3><span style=\"color: #3b4721;\">ITTO Fellowship to support a doctoral researcher organize a community exchange among users of six sustainable-use forests.<\/span><\/h3>\n<p>[\/vc_column_text][\/vc_column][vc_column width=&#8221;1\/4&#8243;][vc_single_image image=&#8221;1182&#8243; img_size=&#8221;full&#8221; alignment=&#8221;center&#8221; style=&#8221;vc_box_rounded&#8221; onclick=&#8221;custom_link&#8221; img_link_target=&#8221;_blank&#8221; link=&#8221;http:\/\/www.ift.org.br\/wp-content\/uploads\/2019\/11\/GUIA_manejo_ICMBio_2019_baixa-1.pdf?fbclid=IwAR0UBBx3xPTa1SuymgmyWD5NHDwwWjVTjonDFfYhqCf7LxeiClB89nnJ&#8221;][vc_column_text]<\/p>\n<h3><span style=\"color: #3b4721;\">Guia sobre planejamento participativo, execu\u00e7\u00e3o colaborativa e gest\u00e3o comunit\u00e1ria no Manejo Florestal Comunit\u00e1rio em Unidades de Conserva\u00e7\u00e3o de Uso Sustent\u00e1vel na Amaz\u00f4nia.<\/span><\/h3>\n<p>[\/vc_column_text][\/vc_column][\/vc_row][vc_row][vc_column width=&#8221;1\/4&#8243;][vc_single_image image=&#8221;306&#8243; img_size=&#8221;full&#8221; alignment=&#8221;center&#8221; style=&#8221;vc_box_rounded&#8221; onclick=&#8221;custom_link&#8221; img_link_target=&#8221;_blank&#8221; link=&#8221;https:\/\/anaviolatoespada.com\/wp-content\/uploads\/2018\/05\/FEP-2012-1.pdf&#8221;][vc_column_text]<\/p>\n<h3><span style=\"color: #3b4721;\">Acordos Empresa-Comunidade: recomenda\u00e7\u00f5es t\u00e9cnicas para acordos legais e justos entre empresas madeireiras e comunidades florestais na Amaz\u00f4nia. <\/span><\/h3>\n<p>[\/vc_column_text][\/vc_column][vc_column width=&#8221;1\/4&#8243;][vc_single_image image=&#8221;295&#8243; img_size=&#8221;full&#8221; alignment=&#8221;center&#8221; style=&#8221;vc_box_rounded&#8221; onclick=&#8221;custom_link&#8221; img_link_target=&#8221;_blank&#8221; link=&#8221;https:\/\/anaviolatoespada.com\/wp-content\/uploads\/2018\/05\/fundo-vale_areas-protegidas_final.pdf&#8221;][vc_column_text]<\/p>\n<h3><span style=\"color: #3b4721;\">Lentini, M. et al. Manejo Florestal para a Produ\u00e7\u00e3o de Madeira em Unidades de Conserva\u00e7\u00e3o In: \u00c1reas Protegidas.1a ed. Rio de Janeiro: Fundo Vale, v.1, p. 133-137, 2012.<\/span><\/h3>\n<p>[\/vc_column_text][\/vc_column][vc_column width=&#8221;1\/4&#8243;][vc_single_image image=&#8221;1115&#8243; img_size=&#8221;full&#8221; alignment=&#8221;center&#8221; style=&#8221;vc_box_rounded&#8221; onclick=&#8221;custom_link&#8221; img_link_target=&#8221;_blank&#8221; link=&#8221;https:\/\/anaviolatoespada.com\/wp-content\/uploads\/2018\/06\/IFT-e-IMAFLORA_Concess\u00e3o-florestal_2010.pdf&#8221;][vc_column_text]<\/p>\n<h3><span style=\"color: #3b4721;\">Balieiro, M.R. et al. As Concess\u00f5es de Florestas P\u00fablicas da Amaz\u00f4nia Brasileira. Um manual para pequenos e m\u00e9dios produtores florestais. Piracicaba: Creative Commons, v.1, p.204, 2010.<\/span><\/h3>\n<p>[\/vc_column_text][\/vc_column][vc_column width=&#8221;1\/4&#8243;][vc_single_image image=&#8221;1116&#8243; img_size=&#8221;full&#8221; alignment=&#8221;center&#8221; style=&#8221;vc_box_rounded&#8221; onclick=&#8221;custom_link&#8221; img_link_target=&#8221;_blank&#8221; link=&#8221;https:\/\/anaviolatoespada.com\/wp-content\/uploads\/2018\/06\/Livro_Espada-et-al.-2010.pdf&#8221;][vc_column_text]<\/p>\n<h3><span style=\"color: #3b4721;\">Espada, A.L.V. et. al. Motiva\u00e7\u00f5es e Estrat\u00e9gias de Pequenos Produtores para o Manejo Florestal: Realidades na BR-163 e BR-230, Estado do Par\u00e1. Bel\u00e9m : JZ Servi\u00e7os de Comunica\u00e7\u00e3o Ltda, v.1. p.60, 2010.<\/span><\/h3>\n<p>[\/vc_column_text][\/vc_column][\/vc_row][vc_row type=&#8221;4&#8243; bg_color=&#8221;#eff2ab&#8221; bg_repeat=&#8221;repeat&#8221; css=&#8221;.vc_custom_1530387259929{margin-bottom: 20px !important;}&#8221;][vc_column][vc_column_text css=&#8221;.vc_custom_1737570065242{margin-top: 20px !important;}&#8221;]<\/p>\n<h4 style=\"text-align: left;\"><span style=\"color: #3b4721;\">Articles | Dissertation| Thesis | Papers published in academic events<\/span><\/h4>\n<p style=\"text-align: left;\"><span style=\"color: #3b4721;\">Click in the titles to access the full paper\u00a0<\/span><\/p>\n<p>[\/vc_column_text][\/vc_column][\/vc_row][vc_row type=&#8221;4&#8243; margin_top=&#8221;-50&#8243; bg_color=&#8221;#eff2ab&#8221; bg_repeat=&#8221;repeat&#8221; css=&#8221;.vc_custom_1530385920585{margin-bottom: 50px !important;}&#8221;][vc_column]<style type=\"text\/css\" data-type=\"the7_shortcodes-inline-css\">.carousel-shortcode.carousel-shortcode-id-faf36890e52842680b6d968b72d31e24.owl-carousel .owl-nav div {\n  width: 20px;\n  height: 20px;\n  border-radius: 500px;\n}\n.dt-arrow-border-on.carousel-shortcode.carousel-shortcode-id-faf36890e52842680b6d968b72d31e24.owl-carousel .owl-nav div:not(:hover):before {\n  border-width: 0px;\n}\n.dt-arrow-hover-border-on.carousel-shortcode.carousel-shortcode-id-faf36890e52842680b6d968b72d31e24.owl-carousel .owl-nav div:hover:after {\n  border-width: 0px;\n}\n.carousel-shortcode.carousel-shortcode-id-faf36890e52842680b6d968b72d31e24.owl-carousel .owl-nav div.owl-prev {\n  top: 50%;\n  transform: translateY(calc(-50% + 0px));\n  left: -43px;\n}\n@media all and (-ms-high-contrast: none) {\n  .carousel-shortcode.carousel-shortcode-id-faf36890e52842680b6d968b72d31e24.owl-carousel .owl-nav div.owl-prev {\n    transform: translateY(-50%);\n    margin-top: 0px;\n  }\n}\n.carousel-shortcode.carousel-shortcode-id-faf36890e52842680b6d968b72d31e24.owl-carousel .owl-nav div.owl-prev i {\n  padding: 0px 0px 0px 0px;\n}\n.carousel-shortcode.carousel-shortcode-id-faf36890e52842680b6d968b72d31e24.owl-carousel .owl-nav div.owl-next {\n  top: 50%;\n  transform: translateY(calc(-50% + 0px));\n  right: -43px;\n}\n@media all and (-ms-high-contrast: none) {\n  .carousel-shortcode.carousel-shortcode-id-faf36890e52842680b6d968b72d31e24.owl-carousel .owl-nav div.owl-next {\n    transform: translateY(-50%);\n    margin-top: 0px;\n  }\n}\n.carousel-shortcode.carousel-shortcode-id-faf36890e52842680b6d968b72d31e24.owl-carousel .owl-nav div.owl-next i {\n  padding: 0px 0px 0px 0px;\n}\n.carousel-shortcode.carousel-shortcode-id-faf36890e52842680b6d968b72d31e24.owl-carousel .owl-nav i {\n  font-size: 10px;\n}\n.carousel-shortcode.carousel-shortcode-id-faf36890e52842680b6d968b72d31e24.owl-carousel .owl-nav div:not(:hover) i,\n.carousel-shortcode.carousel-shortcode-id-faf36890e52842680b6d968b72d31e24.owl-carousel .owl-nav div:not(:hover) i:before {\n  color: #ffffff;\n  background: none;\n}\n.carousel-shortcode.carousel-shortcode-id-faf36890e52842680b6d968b72d31e24.owl-carousel .owl-nav div:hover i,\n.carousel-shortcode.carousel-shortcode-id-faf36890e52842680b6d968b72d31e24.owl-carousel .owl-nav div:hover i:before {\n  color: rgba(255,255,255,0.75);\n  background: none;\n}\n.carousel-shortcode.carousel-shortcode-id-faf36890e52842680b6d968b72d31e24 .owl-dots {\n  top: calc(100% + 20px);\n  left: 50%;\n  transform: translateX(calc(-50% + 0px));\n}\n@media all and (-ms-high-contrast: none) {\n  .carousel-shortcode.carousel-shortcode-id-faf36890e52842680b6d968b72d31e24 .owl-dots {\n    transform: translateX(-50%);\n    margin-left: 0px;\n  }\n}\n.carousel-shortcode.carousel-shortcode-id-faf36890e52842680b6d968b72d31e24 .owl-dot {\n  width: 10px;\n  height: 10px;\n  margin: 0 8px;\n}\n@media screen and (max-width: 778px) {\n  .carousel-shortcode.carousel-shortcode-id-faf36890e52842680b6d968b72d31e24.hide-arrows .owl-nav a {\n    display: none;\n  }\n}\n@media screen and (max-width: 778px) {\n  .carousel-shortcode.carousel-shortcode-id-faf36890e52842680b6d968b72d31e24.reposition-arrows .owl-nav .owl-prev {\n    top: 50%;\n    transform: translateY(calc(-50% + 0px));\n    left: 10px;\n  }\n  .carousel-shortcode.carousel-shortcode-id-faf36890e52842680b6d968b72d31e24.reposition-arrows .owl-nav .owl-next {\n    top: 50%;\n    transform: translateY(calc(-50% + 0px));\n    right: 10px;\n  }\n}\n@media screen and (max-width: 778px) and all and (-ms-high-contrast: none) {\n  .carousel-shortcode.carousel-shortcode-id-faf36890e52842680b6d968b72d31e24.reposition-arrows .owl-nav .owl-prev {\n    transform: translateY(-50%);\n    margin-top: 0px;\n  }\n}\n@media screen and (max-width: 778px) and all and (-ms-high-contrast: none) {\n  .carousel-shortcode.carousel-shortcode-id-faf36890e52842680b6d968b72d31e24.reposition-arrows .owl-nav .owl-next {\n    transform: translateY(-50%);\n    margin-top: 0px;\n  }\n}\n<\/style><div class=\"owl-carousel carousel-shortcode dt-owl-carousel-call carousel-shortcode-id-faf36890e52842680b6d968b72d31e24 bullets-small-dot-stroke reposition-arrows arrows-bg-on dt-arrow-border-on dt-arrow-hover-border-on disable-arrows-hover-bg arrows-hover-bg-on  vc_custom_1584115949269 \" data-scroll-mode=\"1\" data-col-num=\"3\" data-wide-col-num=\"3\" data-laptop-col=\"3\" data-h-tablet-columns-num=\"3\" data-v-tablet-columns-num=\"2\" data-phone-columns-num=\"1\" data-auto-height=\"true\" data-col-gap=\"30\" data-stage-padding=\"0\" data-speed=\"600\" data-autoplay=\"false\" data-autoplay_speed=\"6000\" data-arrows=\"true\" data-bullet=\"false\" data-next-icon=\"icon-ar-017-r\" data-prev-icon=\"icon-ar-017-l\">[vc_column_text css=&#8221;&#8221;]<\/p>\n<h6><span style=\"color: #3b4721;\"><a style=\"color: #3b4721;\" href=\"https:\/\/anaviolatoespada.com\/wp-content\/uploads\/2025\/08\/Conservation-Biology-2025-Espada-Community%E2%80%90based-timber-comanagement-and-the-boundaries-of-people%E2%80%90centered.pdf\" rel=\"noopener\">Espada, A. L. V., Kainer, K.<br \/>\nA., &amp; Ezzine-de-Blas, D. (2025). Community-based timber comanagement and the boundaries of people-centered conservation in Brazil. Conservation<br \/>\nBiology, e70118. https:\/\/doi.org\/10.1111\/cobi.70118 <\/a><\/span><\/h6>\n<p>[\/vc_column_text][vc_column_text]<\/p>\n<h6><span style=\"color: #3b4721;\"><a style=\"color: #3b4721;\" href=\"https:\/\/www.sciencedirect.com\/science\/article\/pii\/S1389934123002162?dgcid=author\" target=\"_blank\" rel=\"noopener\">Espada, A. L. V., Kainer, A. K. 2024. Decision making processes and power dynamics in timber production co-management: A comparative analysis of seven Brazilian Amazonian community-based projects. Forest Policy and Economics 159 (2024) 103121<\/a><\/span><\/h6>\n<p>[\/vc_column_text][vc_column_text]<\/p>\n<h6><span style=\"color: #3b4721;\"><a style=\"color: #3b4721;\" href=\"https:\/\/doi.org\/10.1016\/j.landusepol.2023.106560\" target=\"_blank\" rel=\"noopener\">Espada, A. L. V.; Kainer A. Kainer. 2023. Women and timber management: From assigned cook to strategic decision-maker of community land use. Land Use Policy 127, 106560<\/a><\/span><\/h6>\n<p>[\/vc_column_text][vc_column_text]<\/p>\n<h6><span style=\"color: #3b4721;\"><a style=\"color: #3b4721;\" href=\"https:\/\/anaviolatoespada.com\/en\/wp-content\/uploads\/2021\/02\/Artigo.pdf\" target=\"_blank\" rel=\"noopener\">Espada, A. L. V. and Kainer, K. A. (2020) \u201cFellowship Report: An ITTO Fellowship in the Brazilian Amazon has helped a doctoral researcher organize a community exchange among users of six sustainable-use forests and promote social learning on community-based forest management.\u201d ITTO Tropical Forest Update 29 (3): 20-24.<\/a><\/span><\/h6>\n<p>[\/vc_column_text][vc_column_text]<\/p>\n<h6><span style=\"color: #3b4721;\"><a style=\"color: #3b4721;\" href=\"https:\/\/www.mdpi.com\/1999-4907\/10\/6\/461\" target=\"_blank\" rel=\"noopener\">Espada, A.L.V.; Vasconcellos Sobrinho, M. Logging Community-Based Forests in the Amazon: An Analysis of External Influences, Multi-Partner Governance, and Resilience. Forests, v. 10, p. 461, 2019.<\/a><\/span><\/h6>\n<p>[\/vc_column_text][vc_column_text]<\/p>\n<h6><span style=\"color: #3b4721;\"><a style=\"color: #3b4721;\" href=\"https:\/\/anaviolatoespada.com\/wp-content\/uploads\/2018\/06\/3.-Espada-and-Vasconcellos-2015.pdf\" target=\"_blank\" rel=\"noopener\">Espada, A.L.V.; Vasconcellos Sobrinho, M. Manejo comunit\u00e1rio e governan\u00e7a ambiental para o desenvolvimento local: an\u00e1lise de uma experi\u00eancia de uso sustent\u00e1vel de floresta na Amaz\u00f4nia. Administra\u00e7\u00e3o P\u00fablica e Gest\u00e3o Social. v.7, p.169-177, 2015.<\/a><\/span><\/h6>\n<p>[\/vc_column_text][vc_column_text]<\/p>\n<h6><span style=\"color: #3b4721;\"><a style=\"color: #3b4721;\" href=\"https:\/\/anaviolatoespada.com\/wp-content\/uploads\/2018\/06\/9.-Ezzine-de-Blas-et-al.2011.pdf\" target=\"_blank\" rel=\"noopener\">Ezzine-de-Blas, D. et al. Forest loss and management in land reform settlements: Implications for REDD governance in the Brazilian Amazon. Environmental. Science &amp; Policy, v.14, p.188-200, 2011<\/a><\/span><\/h6>\n<p>[\/vc_column_text][vc_column_text]<\/p>\n<h6><span style=\"color: #3b4721;\"><a style=\"color: #3b4721;\" href=\"https:\/\/anaviolatoespada.com\/wp-content\/uploads\/2018\/06\/7.-Espada-et-al.-2017.pdf\" target=\"_blank\" rel=\"noopener\">Espada, A.L.V.; Vasconcellos Sobrinho; Rocha, G. M.; Vasconcellos, A.M.A. Manejo florestal Comunit\u00e1rio em Parceria na Amaz\u00f4nia Brasileira: O Caso da Flona do Tapaj\u00f3s. Revista Brasileira de Gest\u00e3o e desenvolvimento Regional, v.13, p.342-372, 2017.<\/a><\/span><\/h6>\n<p>[\/vc_column_text][vc_column_text]<\/p>\n<h6><span style=\"color: #3b4721;\"><a style=\"color: #3b4721;\" href=\"http:\/\/repositorio.ufpa.br\/jspui\/handle\/2011\/7628\" target=\"_blank\" rel=\"noopener\">Espada, A.L.V. Parceria enquanto dimens\u00e3o da governan\u00e7a ambiental para o manejo florestal comunit\u00e1rio na Amaz\u00f4nia: O Caso da Floresta Nacional do Tapaj\u00f3s. Par\u00e1: UFPA, 2015.<\/a><\/span><\/h6>\n<p>[\/vc_column_text][vc_column_text]<\/p>\n<h6><span style=\"color: #3b4721;\"><a style=\"color: #3b4721;\" href=\"https:\/\/anaviolatoespada.com\/wp-content\/uploads\/2018\/06\/1.-Espada-2013.pdf\" target=\"_blank\" rel=\"noopener\">Espada,A.L.V. Contribui\u00e7\u00e3o da Governan\u00e7a Ambiental no Desenvolvimento Local: Exemplo de Uma Cooperativa de Manejo Florestal Comunit\u00e1rio. In: IV Col\u00f3quio Organiza\u00e7\u00f5es, Desenvolvimento e Sustentabilidade. Bel\u00e9m: UNAMA, 2013.<\/a><\/span><\/h6>\n<p>[\/vc_column_text][vc_column_text]<\/p>\n<h6><span style=\"color: #3b4721;\"><a style=\"color: #3b4721;\" href=\"https:\/\/anaviolatoespada.com\/wp-content\/uploads\/2018\/06\/2.-Espada-and-Vasconcellos.-2014.pdf\" target=\"_blank\" rel=\"noopener\">Espada, A.L.V.; Vasconcellos Sobrinho, M. A coopera\u00e7\u00e3o para o desenvolvimento local: inova\u00e7\u00e3o no manejo florestal comunit\u00e1rio. In: V Col\u00f3quio Organiza\u00e7\u00f5es, Desenvolvimento e Sustentabilidade.Bel\u00e9m: UNAMA, 2014. <\/a><\/span><\/h6>\n<p>[\/vc_column_text][vc_column_text]<\/p>\n<h6><span style=\"color: #3b4721;\"><a style=\"color: #3b4721;\" href=\"https:\/\/anaviolatoespada.com\/wp-content\/uploads\/2018\/06\/4.-Espada-and-Vasconcellos-2014.pdf\" target=\"_blank\" rel=\"noopener\">Espada, A.L.V.; Vasconcellos Sobrinho, M. Inova\u00e7\u00e3o na gest\u00e3o financeira de uma cooperativa comunit\u00e1ria da Amaz\u00f4nia: um caso de conserva\u00e7\u00e3o ambiental e desenvolvimento. In: XVI Encontro Internacional sobre Gest\u00e3o Empresarial e Meio Ambiente (ENGEMA), S\u00e3o Paulo: USP, 2014.<\/a><\/span><\/h6>\n<p>[\/vc_column_text][vc_column_text]<\/p>\n<h6><span style=\"color: #3b4721;\"><a style=\"color: #3b4721;\" href=\"https:\/\/anaviolatoespada.com\/wp-content\/uploads\/2018\/06\/5.-Espada-and-Vasconcellos-2015.pdf\">Espada, A.L.V.; Vasconcellos Sobrinho, M. Construindo Parcerias e Implementando o Manejo Florestal Comunit\u00e1rio na Amaz\u00f4nia: o caso da FLONA do Tapaj\u00f3s. In: 7o Encontro Nacional da Associa\u00e7\u00e3o Nacional de P\u00f3s-Gradua\u00e7\u00e3o e Pesquisa em Ambiente e Sociedade. Bras\u00edlia: UnB, 2015.<\/a><\/span><\/h6>\n<p>[\/vc_column_text][vc_column_text]<\/p>\n<h6><span style=\"color: #3b4721;\"><a style=\"color: #3b4721;\" href=\"https:\/\/anaviolatoespada.com\/wp-content\/uploads\/2018\/06\/6.-Espada-and-Vasconcellos-Sobrinho-2015.pdf\" target=\"_blank\" rel=\"noopener\">Espada, A.L.V.; Vasconcellos Sobrinho, M. Manejo Florestal, Valoriza\u00e7\u00e3o da Floresta e Desenvolvimento Comunit\u00e1rio. In: XI Encontro Nacional da Sociedade Brasileira de Economia Ecol\u00f3gica (ECOECO). Rio de Janeiro: UFRJ, 2015.<\/a><\/span><\/h6>\n<p>[\/vc_column_text][vc_column_text css=&#8221;&#8221;]<\/p>\n<h6><span style=\"color: #3b4721;\"><a style=\"color: #3b4721;\" href=\"https:\/\/anaviolatoespada.com\/wp-content\/uploads\/2025\/01\/Chapter-5-2.pdf\" target=\"_blank\" rel=\"noopener\">Book chapter published in the Routledge Handbook of Community Forestry<\/a><\/span><\/h6>\n<p>[\/vc_column_text]<\/div>[\/vc_column][\/vc_row][vc_row type=&#8221;vc_default&#8221; css=&#8221;.vc_custom_1529610718216{margin-top: 20px !important;}&#8221;][vc_column][vc_column_text]<\/p>\n<h4 style=\"text-align: left;\"><span style=\"color: #3b4721;\">GUIDES AND TECHNICAL REPORTS<\/span><\/h4>\n<p style=\"text-align: left;\"><span style=\"color: #3b4721;\">Click in the images to access the full paper\u00a0<\/span><\/p>\n<p>[\/vc_column_text][\/vc_column][\/vc_row][vc_row][vc_column width=&#8221;1\/6&#8243;][vc_single_image image=&#8221;297&#8243; img_size=&#8221;full&#8221; alignment=&#8221;center&#8221; style=&#8221;vc_box_rounded&#8221; onclick=&#8221;custom_link&#8221; img_link_target=&#8221;_blank&#8221; link=&#8221;https:\/\/anaviolatoespada.com\/wp-content\/uploads\/2018\/06\/IFT_MT3_Tec-Pre-Exploratorias.pdf&#8221;][\/vc_column][vc_column width=&#8221;1\/6&#8243;][vc_single_image image=&#8221;1118&#8243; img_size=&#8221;full&#8221; alignment=&#8221;center&#8221; style=&#8221;vc_box_rounded&#8221; onclick=&#8221;custom_link&#8221; img_link_target=&#8221;_blank&#8221; link=&#8221;https:\/\/anaviolatoespada.com\/wp-content\/uploads\/2018\/06\/IFT_Reflexoes-sobre-MFCF-em-UCs_2016.pdf&#8221;][\/vc_column][vc_column width=&#8221;1\/6&#8243;][vc_single_image image=&#8221;1119&#8243; img_size=&#8221;full&#8221; alignment=&#8221;center&#8221; style=&#8221;vc_box_rounded&#8221; onclick=&#8221;custom_link&#8221; img_link_target=&#8221;_blank&#8221; link=&#8221;https:\/\/anaviolatoespada.com\/wp-content\/uploads\/2018\/06\/IFT_Informativo-T\u00e9cnico-1.pdf&#8221;][\/vc_column][vc_column width=&#8221;1\/6&#8243;][vc_single_image image=&#8221;296&#8243; img_size=&#8221;full&#8221; alignment=&#8221;center&#8221; style=&#8221;vc_box_rounded&#8221; onclick=&#8221;custom_link&#8221; img_link_target=&#8221;_blank&#8221; link=&#8221;https:\/\/anaviolatoespada.com\/wp-content\/uploads\/2018\/06\/IFT_Informativo-T\u00e9cnico-2.pdf&#8221;][\/vc_column][vc_column width=&#8221;1\/6&#8243;][vc_single_image image=&#8221;1120&#8243; img_size=&#8221;full&#8221; alignment=&#8221;center&#8221; style=&#8221;vc_box_rounded&#8221; onclick=&#8221;custom_link&#8221; img_link_target=&#8221;_blank&#8221; link=&#8221;https:\/\/anaviolatoespada.com\/wp-content\/uploads\/2018\/06\/IFT_Informativo-T\u00e9cnico-3.pdf&#8221;][\/vc_column][vc_column width=&#8221;1\/6&#8243;][vc_single_image image=&#8221;1199&#8243; img_size=&#8221;full&#8221; alignment=&#8221;center&#8221; style=&#8221;vc_box_rounded&#8221; onclick=&#8221;custom_link&#8221; img_link_target=&#8221;_blank&#8221; link=&#8221;https:\/\/lnkd.in\/d4jJupv&#8221;][\/vc_column][\/vc_row][vc_row type=&#8221;4&#8243; bg_color=&#8221;#eff2ab&#8221; bg_repeat=&#8221;repeat&#8221; css=&#8221;.vc_custom_1530386007008{margin-bottom: 20px !important;}&#8221;][vc_column][vc_column_text css=&#8221;.vc_custom_1537963977736{margin-top: 20px !important;}&#8221;]<\/p>\n<h4 style=\"text-align: left;\"><span style=\"color: #3b4721;\">TECHNICAL PUBLICATIONS <\/span><\/h4>\n<p style=\"text-align: left;\"><span style=\"color: #3b4721;\">Click in the images to access the full paper\u00a0<\/span><\/p>\n<p>[\/vc_column_text][\/vc_column][\/vc_row][vc_row type=&#8221;4&#8243; margin_top=&#8221;-50&#8243; bg_color=&#8221;#eff2ab&#8221; bg_repeat=&#8221;repeat&#8221; css=&#8221;.vc_custom_1530385896342{margin-bottom: 50px !important;}&#8221;][vc_column]<style type=\"text\/css\" data-type=\"the7_shortcodes-inline-css\">.carousel-shortcode.carousel-shortcode-id-31004d08578b02fc89c0aaaf407f65c8.owl-carousel .owl-nav div {\n  width: 36px;\n  height: 36px;\n  border-radius: 500px;\n}\n.dt-arrow-border-on.carousel-shortcode.carousel-shortcode-id-31004d08578b02fc89c0aaaf407f65c8.owl-carousel .owl-nav div:not(:hover):before {\n  border-width: 0px;\n}\n.dt-arrow-hover-border-on.carousel-shortcode.carousel-shortcode-id-31004d08578b02fc89c0aaaf407f65c8.owl-carousel .owl-nav div:hover:after {\n  border-width: 0px;\n}\n.carousel-shortcode.carousel-shortcode-id-31004d08578b02fc89c0aaaf407f65c8.owl-carousel .owl-nav div.owl-prev {\n  top: 50%;\n  transform: translateY(calc(-50% + 0px));\n  left: -43px;\n}\n@media all and (-ms-high-contrast: none) {\n  .carousel-shortcode.carousel-shortcode-id-31004d08578b02fc89c0aaaf407f65c8.owl-carousel .owl-nav div.owl-prev {\n    transform: translateY(-50%);\n    margin-top: 0px;\n  }\n}\n.carousel-shortcode.carousel-shortcode-id-31004d08578b02fc89c0aaaf407f65c8.owl-carousel .owl-nav div.owl-prev i {\n  padding: 0px 0px 0px 0px;\n}\n.carousel-shortcode.carousel-shortcode-id-31004d08578b02fc89c0aaaf407f65c8.owl-carousel .owl-nav div.owl-next {\n  top: 50%;\n  transform: translateY(calc(-50% + 0px));\n  right: -43px;\n}\n@media all and (-ms-high-contrast: none) {\n  .carousel-shortcode.carousel-shortcode-id-31004d08578b02fc89c0aaaf407f65c8.owl-carousel .owl-nav div.owl-next {\n    transform: translateY(-50%);\n    margin-top: 0px;\n  }\n}\n.carousel-shortcode.carousel-shortcode-id-31004d08578b02fc89c0aaaf407f65c8.owl-carousel .owl-nav div.owl-next i {\n  padding: 0px 0px 0px 0px;\n}\n.carousel-shortcode.carousel-shortcode-id-31004d08578b02fc89c0aaaf407f65c8.owl-carousel .owl-nav i {\n  font-size: 18px;\n}\n.carousel-shortcode.carousel-shortcode-id-31004d08578b02fc89c0aaaf407f65c8.owl-carousel .owl-nav div:not(:hover) i,\n.carousel-shortcode.carousel-shortcode-id-31004d08578b02fc89c0aaaf407f65c8.owl-carousel .owl-nav div:not(:hover) i:before {\n  color: #ffffff;\n  background: none;\n}\n.carousel-shortcode.carousel-shortcode-id-31004d08578b02fc89c0aaaf407f65c8.owl-carousel .owl-nav div:hover i,\n.carousel-shortcode.carousel-shortcode-id-31004d08578b02fc89c0aaaf407f65c8.owl-carousel .owl-nav div:hover i:before {\n  color: rgba(255,255,255,0.75);\n  background: none;\n}\n.carousel-shortcode.carousel-shortcode-id-31004d08578b02fc89c0aaaf407f65c8 .owl-dots {\n  top: calc(100% + 20px);\n  left: 50%;\n  transform: translateX(calc(-50% + 0px));\n}\n@media all and (-ms-high-contrast: none) {\n  .carousel-shortcode.carousel-shortcode-id-31004d08578b02fc89c0aaaf407f65c8 .owl-dots {\n    transform: translateX(-50%);\n    margin-left: 0px;\n  }\n}\n.carousel-shortcode.carousel-shortcode-id-31004d08578b02fc89c0aaaf407f65c8 .owl-dot {\n  width: 10px;\n  height: 10px;\n  margin: 0 8px;\n}\n@media screen and (max-width: 778px) {\n  .carousel-shortcode.carousel-shortcode-id-31004d08578b02fc89c0aaaf407f65c8.hide-arrows .owl-nav a {\n    display: none;\n  }\n}\n@media screen and (max-width: 778px) {\n  .carousel-shortcode.carousel-shortcode-id-31004d08578b02fc89c0aaaf407f65c8.reposition-arrows .owl-nav .owl-prev {\n    top: 50%;\n    transform: translateY(calc(-50% + 0px));\n    left: 10px;\n  }\n  .carousel-shortcode.carousel-shortcode-id-31004d08578b02fc89c0aaaf407f65c8.reposition-arrows .owl-nav .owl-next {\n    top: 50%;\n    transform: translateY(calc(-50% + 0px));\n    right: 10px;\n  }\n}\n@media screen and (max-width: 778px) and all and (-ms-high-contrast: none) {\n  .carousel-shortcode.carousel-shortcode-id-31004d08578b02fc89c0aaaf407f65c8.reposition-arrows .owl-nav .owl-prev {\n    transform: translateY(-50%);\n    margin-top: 0px;\n  }\n}\n@media screen and (max-width: 778px) and all and (-ms-high-contrast: none) {\n  .carousel-shortcode.carousel-shortcode-id-31004d08578b02fc89c0aaaf407f65c8.reposition-arrows .owl-nav .owl-next {\n    transform: translateY(-50%);\n    margin-top: 0px;\n  }\n}\n<\/style><div class=\"owl-carousel carousel-shortcode dt-owl-carousel-call carousel-shortcode-id-31004d08578b02fc89c0aaaf407f65c8 bullets-small-dot-stroke reposition-arrows arrows-bg-on dt-arrow-border-on dt-arrow-hover-border-on disable-arrows-hover-bg arrows-hover-bg-on  vc_custom_1530389965433 \" data-scroll-mode=\"1\" data-col-num=\"4\" data-wide-col-num=\"4\" data-laptop-col=\"4\" data-h-tablet-columns-num=\"3\" data-v-tablet-columns-num=\"2\" data-phone-columns-num=\"1\" data-auto-height=\"true\" data-col-gap=\"30\" data-stage-padding=\"0\" data-speed=\"600\" data-autoplay=\"false\" data-autoplay_speed=\"6000\" data-arrows=\"true\" data-bullet=\"false\" data-next-icon=\"icon-ar-017-r\" data-prev-icon=\"icon-ar-017-l\">[vc_column_text]<\/p>\n<p style=\"text-align: center;\"><a style=\"color: #3b4721;\" href=\"https:\/\/anaviolatoespada.com\/wp-content\/uploads\/2018\/06\/IFT_BOLETIM_TECNICO_01.pdf\" target=\"_blank\" rel=\"noopener\"><img loading=\"lazy\" decoding=\"async\" class=\"aligncenter wp-image-1004 size-medium\" src=\"https:\/\/anaviolatoespada.com\/wp-content\/uploads\/2018\/06\/01-212x300.png\" alt=\"\" width=\"212\" height=\"300\" \/><\/a><\/p>\n<h3 style=\"text-align: center;\"><span style=\"color: #3b4721;\">Acordos Empresa-Comunidade: recomenda\u00e7\u00f5es t\u00e9cnicas para acordos legais e justos entre empresas madeireiras e comunidades florestais na Amaz\u00f4nia.<\/span><\/h3>\n<p style=\"text-align: center;\"><span style=\"color: #3b4721;\">\u00a0<\/span><\/p>\n<p>[\/vc_column_text][vc_column_text]<\/p>\n<h3 style=\"text-align: center;\"><span style=\"color: #3b4721;\"><a href=\"https:\/\/anaviolatoespada.com\/wp-content\/uploads\/2018\/06\/IFT_BOLETIM_TECNICO_03.pdf\" target=\"_blank\" rel=\"noopener\"><img loading=\"lazy\" decoding=\"async\" class=\"size-medium wp-image-1019 aligncenter\" src=\"https:\/\/anaviolatoespada.com\/wp-content\/uploads\/2018\/06\/02-3-212x300.png\" alt=\"\" width=\"212\" height=\"300\" \/><\/a><br \/>\nRecomenda\u00e7\u00f5es T\u00e9cnicas para a cria\u00e7\u00e3o de um Programa de Seguran\u00e7a e Sa\u00fade do Trabalho em Empreendimentos Florestais Manejados. <\/span><\/h3>\n<p style=\"text-align: center;\"><span style=\"color: #3b4721;\">\u00a0<\/span><\/p>\n<p>[\/vc_column_text][vc_column_text]<\/p>\n<h3 style=\"text-align: center;\"><span style=\"color: #3b4721;\"><a href=\"https:\/\/anaviolatoespada.com\/wp-content\/uploads\/2018\/06\/IFT_BOLETIM_TECNICO_04.pdf\" target=\"_blank\" rel=\"noopener\"><img loading=\"lazy\" decoding=\"async\" class=\"size-medium wp-image-1028 aligncenter\" src=\"https:\/\/anaviolatoespada.com\/wp-content\/uploads\/2018\/06\/03-4-212x300.png\" alt=\"\" width=\"212\" height=\"300\" \/><\/a><br \/>\nAlmeirim Sustent\u00e1vel: Li\u00e7\u00f5es aprendidas e desafios ao desenvolvimento de base florestal em um munic\u00edpio t\u00edpico do interior da Amaz\u00f4nia Brasileira.<\/span><\/h3>\n<p style=\"text-align: center;\"><span style=\"color: #3b4721;\">\u00a0<\/span><\/p>\n<p>[\/vc_column_text][vc_column_text]<\/p>\n<h3 style=\"text-align: center;\"><span style=\"color: #3b4721;\"><a href=\"https:\/\/anaviolatoespada.com\/wp-content\/uploads\/2018\/06\/IFT_BOLETIM_TECNICO_06.pdf\" target=\"_blank\" rel=\"noopener\"><img loading=\"lazy\" decoding=\"async\" class=\"alignnone size-medium wp-image-1030\" src=\"https:\/\/anaviolatoespada.com\/wp-content\/uploads\/2018\/06\/04-2-212x300.png\" alt=\"\" width=\"212\" height=\"300\" \/><\/a><br \/>\nManejo florestal em Unidades de Conserva\u00e7\u00e3o de Uso Sustent\u00e1vel: Recomenda\u00e7\u00f5es para as<br \/>\niniciativas de fomento ao desenvolvimento formal do manejo florestal comunit\u00e1rio e familiar.<br \/>\n<\/span><\/h3>\n<p style=\"text-align: center;\"><span style=\"color: #3b4721;\">\u00a0<\/span><\/p>\n<p>[\/vc_column_text][vc_column_text]<\/p>\n<h3 style=\"text-align: center;\"><span style=\"color: #3b4721;\"><a href=\"https:\/\/anaviolatoespada.com\/wp-content\/uploads\/2018\/06\/IFT_BOLETIM_TECNICO_08.pdf\" target=\"_blank\" rel=\"noopener\"><img loading=\"lazy\" decoding=\"async\" class=\"alignnone size-medium wp-image-1032\" src=\"https:\/\/anaviolatoespada.com\/wp-content\/uploads\/2018\/06\/05-2-212x300.png\" alt=\"\" width=\"212\" height=\"300\" \/><\/a><br \/>\nMarco Estrat\u00e9gico: Um m\u00e9todo organizacional para estrutura\u00e7\u00e3o de empreendimentos florestais comunit\u00e1rios.<\/span><\/h3>\n<p style=\"text-align: center;\"><span style=\"color: #3b4721;\">\u00a0<\/span><\/p>\n<p>[\/vc_column_text][vc_column_text]<\/p>\n<h3 style=\"text-align: center;\"><span style=\"color: #3b4721;\"><a href=\"https:\/\/anaviolatoespada.com\/wp-content\/uploads\/2018\/06\/IFT_BOLETIM_TECNICO_09.pdf\" target=\"_blank\" rel=\"noopener\"><img loading=\"lazy\" decoding=\"async\" class=\"alignnone size-medium wp-image-1033\" src=\"https:\/\/anaviolatoespada.com\/wp-content\/uploads\/2018\/06\/06-1-212x300.png\" alt=\"\" width=\"212\" height=\"300\" \/><\/a><br \/>\nSistemas alternativos para o transporte prim\u00e1rio de pranchas de madeira no MFS de baixa intensidade.<\/span><\/h3>\n<p style=\"text-align: center;\"><span style=\"color: #3b4721;\">\u00a0<\/span><\/p>\n<p>[\/vc_column_text][vc_column_text]<\/p>\n<h3 style=\"text-align: center;\"><span style=\"color: #3b4721;\"><a href=\"https:\/\/anaviolatoespada.com\/wp-content\/uploads\/2018\/06\/IFT_BOLETIM_TECNICO_10.pdf\" target=\"_blank\" rel=\"noopener\"><img loading=\"lazy\" decoding=\"async\" class=\"alignnone wp-image-1034 size-medium\" src=\"https:\/\/anaviolatoespada.com\/wp-content\/uploads\/2018\/06\/07-2-212x300.png\" alt=\"\" width=\"212\" height=\"300\" \/><\/a><br \/>\nPlano de Neg\u00f3cio: O primeiro passo para o empreendedorismo comunit\u00e1rio em florestais de uso sustent\u00e1vel na Amaz\u00f4nia. <\/span><\/h3>\n<p style=\"text-align: center;\"><span style=\"color: #3b4721;\">\u00a0<\/span><\/p>\n<p>[\/vc_column_text]<\/div>[\/vc_column][\/vc_row][vc_row type=&#8221;vc_default&#8221; css=&#8221;.vc_custom_1529613318341{margin-top: 20px !important;}&#8221;][vc_column][vc_column_text]<\/p>\n<h4 style=\"text-align: left;\"><span style=\"color: #3b4721;\">TECHNICAL NOTES <strong>&amp; REVISIONS<\/strong><\/span><\/h4>\n<p style=\"text-align: left;\"><span style=\"color: #3b4721;\">Click in the images to access the full paper\u00a0<\/span><\/p>\n<p>[\/vc_column_text][\/vc_column][\/vc_row][vc_row][vc_column width=&#8221;1\/6&#8243;][vc_single_image image=&#8221;1420&#8243; img_size=&#8221;350&#215;456&#8243; alignment=&#8221;center&#8221; style=&#8221;vc_box_rounded&#8221; onclick=&#8221;custom_link&#8221; img_link_target=&#8221;_blank&#8221; css=&#8221;&#8221; link=&#8221;https:\/\/anaviolatoespada.com\/wp-content\/uploads\/2025\/08\/Espada-et-al.-2025-TFI63.pdf&#8221;][vc_column_text css=&#8221;&#8221;]<\/p>\n<h6 style=\"text-align: center;\"><span style=\"color: #3b4721;\">&#8216;Breaking barriers in the Brazilian Amazon: Indigenous women\u2019s roles in climate action and fire management&#8217; published in the Tropenbos Journal &#8216;Tropical Forest Issues 63: Women as Stewards\u00a0of\u00a0Forests&#8217;.<\/span><\/h6>\n<p>[\/vc_column_text][\/vc_column][vc_column width=&#8221;1\/6&#8243;][vc_single_image image=&#8221;1381&#8243; img_size=&#8221;350&#215;456&#8243; alignment=&#8221;center&#8221; style=&#8221;vc_box_rounded&#8221; onclick=&#8221;custom_link&#8221; img_link_target=&#8221;_blank&#8221; css=&#8221;&#8221; link=&#8221;https:\/\/anaviolatoespada.com\/wp-content\/uploads\/2025\/01\/LABER_2022FINAL_compressed.pdf&#8221;][vc_column_text css=&#8221;&#8221;]<\/p>\n<h6 style=\"text-align: center;\"><span style=\"color: #3b4721;\">Latin American Business Environment: Towards a Green and Equitable Post-Covid Recovery. Co-editor: Ana V Espada. Access the infographics and study cases of the report <strong><a href=\"https:\/\/anaviolatoespada.com\/info-labe\/\" target=\"_blank\" rel=\"noopener\">HERE<\/a><\/strong>.<br \/>\n<\/span><\/h6>\n<p>[\/vc_column_text][\/vc_column][vc_column width=&#8221;1\/6&#8243;][vc_single_image image=&#8221;1374&#8243; img_size=&#8221;350&#215;456&#8243; alignment=&#8221;center&#8221; style=&#8221;vc_box_rounded&#8221; onclick=&#8221;custom_link&#8221; img_link_target=&#8221;_blank&#8221; css=&#8221;&#8221; link=&#8221;https:\/\/anaviolatoespada.com\/en\/wp-content\/uploads\/2025\/01\/Info-GT-digital.pdf&#8221;][vc_column_text css=&#8221;&#8221;]<\/p>\n<h6 style=\"text-align: center;\"><span style=\"color: #3b4721;\">Infographic made by the Gender, Youth and Intersections Working Group of the Pirarucu Collective, initial design: Ana Violato Espada<br \/>\n<\/span><\/h6>\n<p>[\/vc_column_text][\/vc_column][vc_column width=&#8221;1\/6&#8243;][vc_single_image image=&#8221;1121&#8243; img_size=&#8221;350&#215;456&#8243; alignment=&#8221;center&#8221; style=&#8221;vc_box_rounded&#8221; onclick=&#8221;custom_link&#8221; img_link_target=&#8221;_blank&#8221; link=&#8221;https:\/\/anaviolatoespada.com\/wp-content\/uploads\/2018\/06\/144-ibam_vol2_site.pdf&#8221;][vc_column_text]<\/p>\n<h6 style=\"text-align: center;\"><span style=\"color: #3b4721;\">Manejo florestal e capacita\u00e7\u00e3o para a sustentabilidade<\/span><\/h6>\n<p>[\/vc_column_text][\/vc_column][vc_column width=&#8221;1\/6&#8243;][vc_single_image image=&#8221;1122&#8243; img_size=&#8221;350&#215;456&#8243; alignment=&#8221;center&#8221; style=&#8221;vc_box_rounded&#8221; onclick=&#8221;custom_link&#8221; img_link_target=&#8221;_blank&#8221; link=&#8221;https:\/\/anaviolatoespada.com\/wp-content\/uploads\/2018\/06\/145-ibam_vol3_site.pdf&#8221;][vc_column_text]<\/p>\n<h6 style=\"text-align: center;\"><span style=\"color: #3b4721;\">Florestas comunit\u00e1rias: manejo florestal comunit\u00e1rio em unidades de conserva\u00e7\u00e3o de uso sustent\u00e1vel<\/span><\/h6>\n<p>[\/vc_column_text][\/vc_column][vc_column width=&#8221;1\/6&#8243;][vc_single_image image=&#8221;1242&#8243; img_size=&#8221;350&#215;456&#8243; alignment=&#8221;center&#8221; style=&#8221;vc_box_rounded&#8221; onclick=&#8221;custom_link&#8221; img_link_target=&#8221;_blank&#8221; link=&#8221;https:\/\/www.redemulherflorestal.org\/_files\/ugd\/b9b159_dbc91b341e5e48278d6d074930ba5994.pdf&#8221;][vc_column_text]<\/p>\n<h6 style=\"text-align: center;\"><span style=\"color: #3b4721;\">Relat\u00f3rio Oficina sobre equidade de G\u00eanero no Setor Florestal: desafios, estrat\u00e9gias e indicadores\u00a0<\/span><\/h6>\n<p>[\/vc_column_text][\/vc_column][\/vc_row]<\/p>\n<\/div>","protected":false},"excerpt":{"rendered":"<p>[vc_row][vc_column][vc_row_inner css=&#8221;.vc_custom_1530392412428{margin-top: -20px !important;}&#8221;][vc_column_inner][vc_column_text] CHAPTERS OF BOOKS AND BOOKS: [\/vc_column_text][\/vc_column_inner][\/vc_row_inner][\/vc_column][\/vc_row][vc_row][vc_column width=&#8221;1\/4&#8243;][vc_single_image image=&#8221;1268&#8243; img_size=&#8221;full&#8221; alignment=&#8221;center&#8221; style=&#8221;vc_box_rounded&#8221; onclick=&#8221;custom_link&#8221; img_link_target=&#8221;_blank&#8221; css=&#8221;&#8221; link=&#8221;https:\/\/anaviolatoespada.com\/en\/wp-content\/uploads\/2025\/02\/gender-and-fire-usfs_compressed-1.pdf&#8221;][vc_column_text] Diversity, Inclusion and Gender Equity in the Forest Management and Fire Prevention Program in Brazil [\/vc_column_text][\/vc_column][vc_column width=&#8221;1\/4&#8243;][vc_single_image image=&#8221;1234&#8243; img_size=&#8221;full&#8221; alignment=&#8221;center&#8221; style=&#8221;vc_box_rounded&#8221; onclick=&#8221;custom_link&#8221; img_link_target=&#8221;_blank&#8221; css=&#8221;&#8221; link=&#8221;https:\/\/idesam.org\/wp-content\/uploads\/2025\/01\/Acordos-Comunidade-e-Empresa-para-Manejo-Florestal-Comunitario-Idesam-Imaflora-CLUA-1.pdf&#8221;][vc_column_text] Manejo Florestal Comunit\u00e1rio e Acordos Comunidade\/Empresa no Amazonas: potencial produtivo e&hellip;<\/p>\n","protected":false},"author":1,"featured_media":0,"parent":0,"menu_order":0,"comment_status":"closed","ping_status":"closed","template":"","meta":{"_exactmetrics_skip_tracking":false,"_exactmetrics_sitenote_active":false,"_exactmetrics_sitenote_note":"","_exactmetrics_sitenote_category":0,"_joinchat":[],"footnotes":""},"class_list":["post-232","page","type-page","status-publish","hentry","description-off"],"_links":{"self":[{"href":"https:\/\/anaviolatoespada.com\/en\/wp-json\/wp\/v2\/pages\/232","targetHints":{"allow":["GET"]}}],"collection":[{"href":"https:\/\/anaviolatoespada.com\/en\/wp-json\/wp\/v2\/pages"}],"about":[{"href":"https:\/\/anaviolatoespada.com\/en\/wp-json\/wp\/v2\/types\/page"}],"author":[{"embeddable":true,"href":"https:\/\/anaviolatoespada.com\/en\/wp-json\/wp\/v2\/users\/1"}],"replies":[{"embeddable":true,"href":"https:\/\/anaviolatoespada.com\/en\/wp-json\/wp\/v2\/comments?post=232"}],"version-history":[{"count":9,"href":"https:\/\/anaviolatoespada.com\/en\/wp-json\/wp\/v2\/pages\/232\/revisions"}],"predecessor-version":[{"id":1424,"href":"https:\/\/anaviolatoespada.com\/en\/wp-json\/wp\/v2\/pages\/232\/revisions\/1424"}],"wp:attachment":[{"href":"https:\/\/anaviolatoespada.com\/en\/wp-json\/wp\/v2\/media?parent=232"}],"curies":[{"name":"wp","href":"https:\/\/api.w.org\/{rel}","templated":true}]}}